{"id":18771,"date":"2021-11-25T18:50:36","date_gmt":"2021-11-25T18:50:36","guid":{"rendered":"https:\/\/lebrac.es\/textil\/?post_type=product&#038;p=18771"},"modified":"2025-05-19T20:05:12","modified_gmt":"2025-05-19T20:05:12","slug":"neceser-lino","status":"publish","type":"product","link":"https:\/\/lebrac.es\/textil\/comprar\/hombre\/neceser-lino\/","title":{"rendered":"Neceser Lino"},"content":{"rendered":"<p>Neceser con doble cremallera ideal para llevar cuando viajas.<\/p>\n<p>Hecho de tela de c\u00e1\u00f1amo 100% (lino r\u00fastico), una gran opci\u00f3n duradera y sostenible.<\/p>\n<p>Para guardar tus cosm\u00e9ticos, botes de champ\u00fa y maquillaje en el compartimento principal. El bolsillo delantero m\u00e1s peque\u00f1o para llenar con art\u00edculos m\u00e1s peque\u00f1os.<\/p>\n<p>Cuelga el neceser por su lazo en tu ba\u00f1o o habitaci\u00f3n de hotel para un f\u00e1cil almacenamiento y acceso r\u00e1pido.<\/p>\n<p>200 g\/m\u00b2.<\/p>\n<p>Colores: Beige, negro, azul, verde, gris y marr\u00f3n.<\/p>\n<p>Medidas: 21x8x13cm.<\/p>\n<p>Lavar a mano.<\/p>\n<h5>Tipos de letra<\/h5>\n<p>Alejandra<strong><br \/>\n<\/strong><img decoding=\"async\" loading=\"lazy\" class=\"alignnone size-full wp-image-1207\" src=\"https:\/\/i0.wp.com\/lebrac.es\/textil\/wp-content\/uploads\/2018\/07\/tipos-de-letra-para-bordados-alejandra.jpg?resize=900%2C514&#038;ssl=1\" alt=\"tipos de letra para bordados alejandra\" width=\"900\" height=\"514\" srcset=\"https:\/\/i0.wp.com\/lebrac.es\/textil\/wp-content\/uploads\/2018\/07\/tipos-de-letra-para-bordados-alejandra.jpg?w=900&amp;ssl=1 900w, https:\/\/i0.wp.com\/lebrac.es\/textil\/wp-content\/uploads\/2018\/07\/tipos-de-letra-para-bordados-alejandra.jpg?resize=300%2C171&amp;ssl=1 300w, https:\/\/i0.wp.com\/lebrac.es\/textil\/wp-content\/uploads\/2018\/07\/tipos-de-letra-para-bordados-alejandra.jpg?resize=768%2C439&amp;ssl=1 768w\" sizes=\"(max-width: 900px) 100vw, 900px\" data-recalc-dims=\"1\" \/><\/p>\n<p>Fernando<br \/>\n<img decoding=\"async\" loading=\"lazy\" class=\"alignnone size-full wp-image-1210\" src=\"https:\/\/i0.wp.com\/lebrac.es\/textil\/wp-content\/uploads\/2018\/07\/tipos-de-letra-para-bordados-fernando.jpg?resize=900%2C514&#038;ssl=1\" alt=\"tipos de etra para bordados fernando\" width=\"900\" height=\"514\" srcset=\"https:\/\/i0.wp.com\/lebrac.es\/textil\/wp-content\/uploads\/2018\/07\/tipos-de-letra-para-bordados-fernando.jpg?w=900&amp;ssl=1 900w, https:\/\/i0.wp.com\/lebrac.es\/textil\/wp-content\/uploads\/2018\/07\/tipos-de-letra-para-bordados-fernando.jpg?resize=300%2C171&amp;ssl=1 300w, https:\/\/i0.wp.com\/lebrac.es\/textil\/wp-content\/uploads\/2018\/07\/tipos-de-letra-para-bordados-fernando.jpg?resize=768%2C439&amp;ssl=1 768w\" sizes=\"(max-width: 900px) 100vw, 900px\" data-recalc-dims=\"1\" \/><\/p>\n<p>&nbsp;<\/p>\n<p>Francisco<br \/>\n<img decoding=\"async\" loading=\"lazy\" class=\"size-full wp-image-191\" src=\"https:\/\/i0.wp.com\/lebrac.es\/textil\/wp-content\/uploads\/2018\/07\/tipos-de-letra-para-bordados-francisco.jpg?resize=900%2C514&#038;ssl=1\" alt=\"tipos de letra para bordados francisco\" width=\"900\" height=\"514\" srcset=\"https:\/\/i0.wp.com\/lebrac.es\/textil\/wp-content\/uploads\/2018\/07\/tipos-de-letra-para-bordados-francisco.jpg?w=900&amp;ssl=1 900w, https:\/\/i0.wp.com\/lebrac.es\/textil\/wp-content\/uploads\/2018\/07\/tipos-de-letra-para-bordados-francisco.jpg?resize=300%2C171&amp;ssl=1 300w, https:\/\/i0.wp.com\/lebrac.es\/textil\/wp-content\/uploads\/2018\/07\/tipos-de-letra-para-bordados-francisco.jpg?resize=768%2C439&amp;ssl=1 768w\" sizes=\"(max-width: 900px) 100vw, 900px\" data-recalc-dims=\"1\" \/><\/p>\n<p>&nbsp;<\/p>\n<p>Jaime<br \/>\n<img decoding=\"async\" loading=\"lazy\" class=\"alignnone size-full wp-image-192\" src=\"https:\/\/i0.wp.com\/lebrac.es\/textil\/wp-content\/uploads\/2018\/07\/tipos-de-letra-para-bordados-jaime.jpg?resize=900%2C514&#038;ssl=1\" alt=\"tipos de letra para bordados jaime\" width=\"900\" height=\"514\" srcset=\"https:\/\/i0.wp.com\/lebrac.es\/textil\/wp-content\/uploads\/2018\/07\/tipos-de-letra-para-bordados-jaime.jpg?w=900&amp;ssl=1 900w, https:\/\/i0.wp.com\/lebrac.es\/textil\/wp-content\/uploads\/2018\/07\/tipos-de-letra-para-bordados-jaime.jpg?resize=300%2C171&amp;ssl=1 300w, https:\/\/i0.wp.com\/lebrac.es\/textil\/wp-content\/uploads\/2018\/07\/tipos-de-letra-para-bordados-jaime.jpg?resize=768%2C439&amp;ssl=1 768w\" sizes=\"(max-width: 900px) 100vw, 900px\" data-recalc-dims=\"1\" \/><\/p>\n<p>&nbsp;<\/p>\n<p>Natalia<br \/>\n<img decoding=\"async\" loading=\"lazy\" class=\"alignnone size-full wp-image-193\" src=\"https:\/\/i0.wp.com\/lebrac.es\/textil\/wp-content\/uploads\/2018\/07\/tipos-de-letra-para-bordados-natalia.jpg?resize=900%2C514&#038;ssl=1\" alt=\"tipos de letra para bordados natalia\" width=\"900\" height=\"514\" srcset=\"https:\/\/i0.wp.com\/lebrac.es\/textil\/wp-content\/uploads\/2018\/07\/tipos-de-letra-para-bordados-natalia.jpg?w=900&amp;ssl=1 900w, https:\/\/i0.wp.com\/lebrac.es\/textil\/wp-content\/uploads\/2018\/07\/tipos-de-letra-para-bordados-natalia.jpg?resize=300%2C171&amp;ssl=1 300w, https:\/\/i0.wp.com\/lebrac.es\/textil\/wp-content\/uploads\/2018\/07\/tipos-de-letra-para-bordados-natalia.jpg?resize=768%2C439&amp;ssl=1 768w\" sizes=\"(max-width: 900px) 100vw, 900px\" data-recalc-dims=\"1\" \/><\/p>\n<p>&nbsp;<\/p>\n<p>Rodrigo<br \/>\n<img decoding=\"async\" loading=\"lazy\" class=\"alignnone size-full wp-image-194\" src=\"https:\/\/i0.wp.com\/lebrac.es\/textil\/wp-content\/uploads\/2018\/07\/tipos-de-letra-para-bordados-rodrigo.jpg?resize=900%2C514&#038;ssl=1\" alt=\"tipos de letra para bordados rodrigo\" width=\"900\" height=\"514\" srcset=\"https:\/\/i0.wp.com\/lebrac.es\/textil\/wp-content\/uploads\/2018\/07\/tipos-de-letra-para-bordados-rodrigo.jpg?w=900&amp;ssl=1 900w, https:\/\/i0.wp.com\/lebrac.es\/textil\/wp-content\/uploads\/2018\/07\/tipos-de-letra-para-bordados-rodrigo.jpg?resize=300%2C171&amp;ssl=1 300w, https:\/\/i0.wp.com\/lebrac.es\/textil\/wp-content\/uploads\/2018\/07\/tipos-de-letra-para-bordados-rodrigo.jpg?resize=768%2C439&amp;ssl=1 768w\" sizes=\"(max-width: 900px) 100vw, 900px\" data-recalc-dims=\"1\" \/><\/p>\n<p><strong>Sofia<\/strong><br \/>\n<img decoding=\"async\" loading=\"lazy\" class=\"alignnone size-full wp-image-195\" src=\"https:\/\/i0.wp.com\/lebrac.es\/textil\/wp-content\/uploads\/2018\/07\/tipos-de-letra-para-bordados-sofia.jpg?resize=900%2C514&#038;ssl=1\" alt=\"tipos de letra para bordados sofia\" width=\"900\" height=\"514\" srcset=\"https:\/\/i0.wp.com\/lebrac.es\/textil\/wp-content\/uploads\/2018\/07\/tipos-de-letra-para-bordados-sofia.jpg?w=900&amp;ssl=1 900w, https:\/\/i0.wp.com\/lebrac.es\/textil\/wp-content\/uploads\/2018\/07\/tipos-de-letra-para-bordados-sofia.jpg?resize=300%2C171&amp;ssl=1 300w, https:\/\/i0.wp.com\/lebrac.es\/textil\/wp-content\/uploads\/2018\/07\/tipos-de-letra-para-bordados-sofia.jpg?resize=768%2C439&amp;ssl=1 768w\" sizes=\"(max-width: 900px) 100vw, 900px\" data-recalc-dims=\"1\" \/><\/p>\n<p>Colores \u00a0letras bordado b\u00e1sicos: (en el desplegable del producto se pueden elegir m\u00e1s colores, incluso FOSFORITOS!).<\/p>\n<p><img decoding=\"async\" loading=\"lazy\" class=\"alignnone wp-image-15315 size-full\" src=\"https:\/\/i0.wp.com\/lebrac.es\/textil\/wp-content\/uploads\/2018\/09\/servilleteros-nio-bordados-colores.jpg?resize=900%2C1794&#038;ssl=1\" alt=\"servilleteros ni\u00f1o bordados colores\" width=\"900\" height=\"1794\" srcset=\"https:\/\/i0.wp.com\/lebrac.es\/textil\/wp-content\/uploads\/2018\/09\/servilleteros-nio-bordados-colores.jpg?w=900&amp;ssl=1 900w, https:\/\/i0.wp.com\/lebrac.es\/textil\/wp-content\/uploads\/2018\/09\/servilleteros-nio-bordados-colores.jpg?resize=151%2C300&amp;ssl=1 151w, https:\/\/i0.wp.com\/lebrac.es\/textil\/wp-content\/uploads\/2018\/09\/servilleteros-nio-bordados-colores.jpg?resize=768%2C1531&amp;ssl=1 768w, https:\/\/i0.wp.com\/lebrac.es\/textil\/wp-content\/uploads\/2018\/09\/servilleteros-nio-bordados-colores.jpg?resize=514%2C1024&amp;ssl=1 514w\" sizes=\"(max-width: 900px) 100vw, 900px\" data-recalc-dims=\"1\" \/><\/p>\n<p>&nbsp;<\/p>\n","protected":false},"excerpt":{"rendered":"<p>Neceser con doble cremallera ideal para llevar cuando viajas.<\/p>\n<p>Hecho de tela de c\u00e1\u00f1amo 100% (lino r\u00fastico), una gran opci\u00f3n duradera y sostenible.<\/p>\n<p>Compartimento principal y bolsillo delantero m\u00e1s peque\u00f1o.<\/p>\n<p>Telas grosor: 200 g\/m\u00b2.<\/p>\n<p>Personal\u00edzalo con tu nombre o iniciales.<\/p>\n<p>Medidas: 21x8x13cm.<\/p>\n","protected":false},"featured_media":18776,"comment_status":"open","ping_status":"closed","template":"","meta":{"_monsterinsights_skip_tracking":false,"_monsterinsights_sitenote_active":false,"_monsterinsights_sitenote_note":"","_monsterinsights_sitenote_category":0,"jetpack_post_was_ever_published":false,"jetpack_publicize_message":"","jetpack_is_tweetstorm":false,"jetpack_publicize_feature_enabled":true,"jetpack_social_post_already_shared":true,"jetpack_social_options":{"image_generator_settings":{"template":"highway","enabled":false}}},"product_cat":[32,15,28],"product_tag":[80,97,75,93,47],"jetpack_publicize_connections":[],"yoast_head":"<!-- This site is optimized with the Yoast SEO plugin v20.7 - https:\/\/yoast.com\/wordpress\/plugins\/seo\/ -->\n<title>Neceser Lino - Lebrac<\/title>\n<meta name=\"robots\" content=\"index, follow, max-snippet:-1, max-image-preview:large, max-video-preview:-1\" \/>\n<link rel=\"canonical\" href=\"https:\/\/lebrac.es\/textil\/comprar\/hombre\/neceser-lino\/\" \/>\n<meta property=\"og:locale\" content=\"es_ES\" \/>\n<meta property=\"og:type\" content=\"article\" \/>\n<meta property=\"og:title\" content=\"Neceser Lino - Lebrac\" \/>\n<meta property=\"og:description\" content=\"Neceser con doble cremallera ideal para llevar cuando viajas.  Hecho de tela de c\u00e1\u00f1amo 100% (lino r\u00fastico), una gran opci\u00f3n duradera y sostenible.  Compartimento principal y bolsillo delantero m\u00e1s peque\u00f1o.  Telas grosor: 200 g\/m\u00b2.  Personal\u00edzalo con tu nombre o iniciales.  Medidas: 21x8x13cm.\" \/>\n<meta property=\"og:url\" content=\"https:\/\/lebrac.es\/textil\/comprar\/hombre\/neceser-lino\/\" \/>\n<meta property=\"og:site_name\" content=\"Lebrac\" \/>\n<meta property=\"article:modified_time\" content=\"2025-05-19T20:05:12+00:00\" \/>\n<meta property=\"og:image\" content=\"https:\/\/lebrac.es\/textil\/wp-content\/uploads\/2021\/11\/img202102151438221-scaled.jpg\" \/>\n\t<meta property=\"og:image:width\" content=\"2560\" \/>\n\t<meta property=\"og:image:height\" content=\"2560\" \/>\n\t<meta property=\"og:image:type\" content=\"image\/jpeg\" \/>\n<meta name=\"twitter:card\" content=\"summary_large_image\" \/>\n<meta name=\"twitter:label1\" content=\"Tiempo de lectura\" \/>\n\t<meta name=\"twitter:data1\" content=\"1 minuto\" \/>\n<script type=\"application\/ld+json\" class=\"yoast-schema-graph\">{\"@context\":\"https:\/\/schema.org\",\"@graph\":[{\"@type\":\"WebPage\",\"@id\":\"https:\/\/lebrac.es\/textil\/comprar\/hombre\/neceser-lino\/\",\"url\":\"https:\/\/lebrac.es\/textil\/comprar\/hombre\/neceser-lino\/\",\"name\":\"Neceser Lino - Lebrac\",\"isPartOf\":{\"@id\":\"https:\/\/lebrac.es\/textil\/#website\"},\"datePublished\":\"2021-11-25T18:50:36+00:00\",\"dateModified\":\"2025-05-19T20:05:12+00:00\",\"breadcrumb\":{\"@id\":\"https:\/\/lebrac.es\/textil\/comprar\/hombre\/neceser-lino\/#breadcrumb\"},\"inLanguage\":\"es\",\"potentialAction\":[{\"@type\":\"ReadAction\",\"target\":[\"https:\/\/lebrac.es\/textil\/comprar\/hombre\/neceser-lino\/\"]}]},{\"@type\":\"BreadcrumbList\",\"@id\":\"https:\/\/lebrac.es\/textil\/comprar\/hombre\/neceser-lino\/#breadcrumb\",\"itemListElement\":[{\"@type\":\"ListItem\",\"position\":1,\"name\":\"Portada\",\"item\":\"https:\/\/lebrac.es\/textil\/\"},{\"@type\":\"ListItem\",\"position\":2,\"name\":\"Tienda\",\"item\":\"https:\/\/lebrac.es\/textil\/tienda\/\"},{\"@type\":\"ListItem\",\"position\":3,\"name\":\"Neceser Lino\"}]},{\"@type\":\"WebSite\",\"@id\":\"https:\/\/lebrac.es\/textil\/#website\",\"url\":\"https:\/\/lebrac.es\/textil\/\",\"name\":\"Lebrac\",\"description\":\"Personalizaci\u00f3n textil, Bordados, campa\u00f1as publicitarias\",\"potentialAction\":[{\"@type\":\"SearchAction\",\"target\":{\"@type\":\"EntryPoint\",\"urlTemplate\":\"https:\/\/lebrac.es\/textil\/?s={search_term_string}\"},\"query-input\":\"required name=search_term_string\"}],\"inLanguage\":\"es\"}]}<\/script>\n<!-- \/ Yoast SEO plugin. -->","yoast_head_json":{"title":"Neceser Lino - Lebrac","robots":{"index":"index","follow":"follow","max-snippet":"max-snippet:-1","max-image-preview":"max-image-preview:large","max-video-preview":"max-video-preview:-1"},"canonical":"https:\/\/lebrac.es\/textil\/comprar\/hombre\/neceser-lino\/","og_locale":"es_ES","og_type":"article","og_title":"Neceser Lino - Lebrac","og_description":"Neceser con doble cremallera ideal para llevar cuando viajas.  Hecho de tela de c\u00e1\u00f1amo 100% (lino r\u00fastico), una gran opci\u00f3n duradera y sostenible.  Compartimento principal y bolsillo delantero m\u00e1s peque\u00f1o.  Telas grosor: 200 g\/m\u00b2.  Personal\u00edzalo con tu nombre o iniciales.  Medidas: 21x8x13cm.","og_url":"https:\/\/lebrac.es\/textil\/comprar\/hombre\/neceser-lino\/","og_site_name":"Lebrac","article_modified_time":"2025-05-19T20:05:12+00:00","og_image":[{"width":2560,"height":2560,"url":"https:\/\/lebrac.es\/textil\/wp-content\/uploads\/2021\/11\/img202102151438221-scaled.jpg","type":"image\/jpeg"}],"twitter_card":"summary_large_image","twitter_misc":{"Tiempo de lectura":"1 minuto"},"schema":{"@context":"https:\/\/schema.org","@graph":[{"@type":"WebPage","@id":"https:\/\/lebrac.es\/textil\/comprar\/hombre\/neceser-lino\/","url":"https:\/\/lebrac.es\/textil\/comprar\/hombre\/neceser-lino\/","name":"Neceser Lino - Lebrac","isPartOf":{"@id":"https:\/\/lebrac.es\/textil\/#website"},"datePublished":"2021-11-25T18:50:36+00:00","dateModified":"2025-05-19T20:05:12+00:00","breadcrumb":{"@id":"https:\/\/lebrac.es\/textil\/comprar\/hombre\/neceser-lino\/#breadcrumb"},"inLanguage":"es","potentialAction":[{"@type":"ReadAction","target":["https:\/\/lebrac.es\/textil\/comprar\/hombre\/neceser-lino\/"]}]},{"@type":"BreadcrumbList","@id":"https:\/\/lebrac.es\/textil\/comprar\/hombre\/neceser-lino\/#breadcrumb","itemListElement":[{"@type":"ListItem","position":1,"name":"Portada","item":"https:\/\/lebrac.es\/textil\/"},{"@type":"ListItem","position":2,"name":"Tienda","item":"https:\/\/lebrac.es\/textil\/tienda\/"},{"@type":"ListItem","position":3,"name":"Neceser Lino"}]},{"@type":"WebSite","@id":"https:\/\/lebrac.es\/textil\/#website","url":"https:\/\/lebrac.es\/textil\/","name":"Lebrac","description":"Personalizaci\u00f3n textil, Bordados, campa\u00f1as publicitarias","potentialAction":[{"@type":"SearchAction","target":{"@type":"EntryPoint","urlTemplate":"https:\/\/lebrac.es\/textil\/?s={search_term_string}"},"query-input":"required name=search_term_string"}],"inLanguage":"es"}]}},"jetpack_sharing_enabled":true,"_links":{"self":[{"href":"https:\/\/lebrac.es\/textil\/wp-json\/wp\/v2\/product\/18771"}],"collection":[{"href":"https:\/\/lebrac.es\/textil\/wp-json\/wp\/v2\/product"}],"about":[{"href":"https:\/\/lebrac.es\/textil\/wp-json\/wp\/v2\/types\/product"}],"replies":[{"embeddable":true,"href":"https:\/\/lebrac.es\/textil\/wp-json\/wp\/v2\/comments?post=18771"}],"wp:featuredmedia":[{"embeddable":true,"href":"https:\/\/lebrac.es\/textil\/wp-json\/wp\/v2\/media\/18776"}],"wp:attachment":[{"href":"https:\/\/lebrac.es\/textil\/wp-json\/wp\/v2\/media?parent=18771"}],"wp:term":[{"taxonomy":"product_cat","embeddable":true,"href":"https:\/\/lebrac.es\/textil\/wp-json\/wp\/v2\/product_cat?post=18771"},{"taxonomy":"product_tag","embeddable":true,"href":"https:\/\/lebrac.es\/textil\/wp-json\/wp\/v2\/product_tag?post=18771"}],"curies":[{"name":"wp","href":"https:\/\/api.w.org\/{rel}","templated":true}]}}