{"id":16566,"date":"2019-02-15T18:14:10","date_gmt":"2019-02-15T18:14:10","guid":{"rendered":"https:\/\/lebrac.es\/textil\/?post_type=product&#038;p=16566"},"modified":"2025-05-19T20:11:07","modified_gmt":"2025-05-19T20:11:07","slug":"vela-personalizada","status":"publish","type":"product","link":"https:\/\/lebrac.es\/textil\/comprar\/hombre\/vela-personalizada\/","title":{"rendered":"Vela Personalizada"},"content":{"rendered":"<p>Puedes personalizar la cinta de polipiel con un texto de m\u00e1ximo de 4 caracteres.<br \/>\nOpciones a elegir: color de la polipiel, texto a bordar, tipo de letra y color del texto<\/p>\n<p>Medidas Cinta: 10cm ancho x 36cm largo.<\/p>\n<h5>Letra Normal:<\/h5>\n<p><img decoding=\"async\" loading=\"lazy\" class=\"alignnone size-full wp-image-193\" src=\"https:\/\/i0.wp.com\/lebrac.es\/textil\/wp-content\/uploads\/2018\/07\/tipos-de-letra-para-bordados-natalia.jpg?resize=900%2C514&#038;ssl=1\" alt=\"tipos de letra para bordados natalia\" width=\"900\" height=\"514\" srcset=\"https:\/\/i0.wp.com\/lebrac.es\/textil\/wp-content\/uploads\/2018\/07\/tipos-de-letra-para-bordados-natalia.jpg?w=900&amp;ssl=1 900w, https:\/\/i0.wp.com\/lebrac.es\/textil\/wp-content\/uploads\/2018\/07\/tipos-de-letra-para-bordados-natalia.jpg?resize=300%2C171&amp;ssl=1 300w, https:\/\/i0.wp.com\/lebrac.es\/textil\/wp-content\/uploads\/2018\/07\/tipos-de-letra-para-bordados-natalia.jpg?resize=768%2C439&amp;ssl=1 768w\" sizes=\"(max-width: 900px) 100vw, 900px\" data-recalc-dims=\"1\" \/><\/p>\n<p>Monogram Cl\u00e1sico<\/p>\n<p><img decoding=\"async\" loading=\"lazy\" class=\"alignnone size-full wp-image-16715\" src=\"https:\/\/i0.wp.com\/lebrac.es\/textil\/wp-content\/uploads\/2019\/05\/monogramchic.gif?resize=864%2C576&#038;ssl=1\" alt=\"\" width=\"864\" height=\"576\" data-recalc-dims=\"1\" \/><\/p>\n<p>Monogram Recto<\/p>\n<p><img decoding=\"async\" loading=\"lazy\" class=\"alignnone size-full wp-image-18020\" src=\"https:\/\/i0.wp.com\/lebrac.es\/textil\/wp-content\/uploads\/2019\/06\/collage_fotor1.jpg?resize=1140%2C1140&#038;ssl=1\" alt=\"\" width=\"1140\" height=\"1140\" srcset=\"https:\/\/i0.wp.com\/lebrac.es\/textil\/wp-content\/uploads\/2019\/06\/collage_fotor1.jpg?w=2800&amp;ssl=1 2800w, https:\/\/i0.wp.com\/lebrac.es\/textil\/wp-content\/uploads\/2019\/06\/collage_fotor1.jpg?resize=150%2C150&amp;ssl=1 150w, https:\/\/i0.wp.com\/lebrac.es\/textil\/wp-content\/uploads\/2019\/06\/collage_fotor1.jpg?resize=300%2C300&amp;ssl=1 300w, https:\/\/i0.wp.com\/lebrac.es\/textil\/wp-content\/uploads\/2019\/06\/collage_fotor1.jpg?resize=768%2C768&amp;ssl=1 768w, https:\/\/i0.wp.com\/lebrac.es\/textil\/wp-content\/uploads\/2019\/06\/collage_fotor1.jpg?resize=1024%2C1024&amp;ssl=1 1024w, https:\/\/i0.wp.com\/lebrac.es\/textil\/wp-content\/uploads\/2019\/06\/collage_fotor1.jpg?resize=900%2C900&amp;ssl=1 900w, https:\/\/i0.wp.com\/lebrac.es\/textil\/wp-content\/uploads\/2019\/06\/collage_fotor1.jpg?resize=100%2C100&amp;ssl=1 100w, https:\/\/i0.wp.com\/lebrac.es\/textil\/wp-content\/uploads\/2019\/06\/collage_fotor1.jpg?w=2280&amp;ssl=1 2280w\" sizes=\"(max-width: 1140px) 100vw, 1140px\" data-recalc-dims=\"1\" \/><\/p>\n","protected":false},"excerpt":{"rendered":"<p>Vel\u00f3n de tres mechas personalizado con cinta polipiel con iniciales bordadas.<\/p>\n<p>Vela olor Jazmin.\u00a0Notas olfativas: jazm\u00edn, lirio de los valles, almizcle blanco.<\/p>\n<p>Medidas: 12x12x12cm. (650gr.)<\/p>\n<p>Un detalle \u00fanico para tu casa.<\/p>\n<p>Tama\u00f1o cinta:\u00a0longitud 36 cm.\u00a0ancho: 10 cm.<\/p>\n","protected":false},"featured_media":13554,"comment_status":"open","ping_status":"closed","template":"","meta":{"_monsterinsights_skip_tracking":false,"_monsterinsights_sitenote_active":false,"_monsterinsights_sitenote_note":"","_monsterinsights_sitenote_category":0,"jetpack_post_was_ever_published":false,"jetpack_publicize_message":"","jetpack_is_tweetstorm":false,"jetpack_publicize_feature_enabled":true,"jetpack_social_post_already_shared":true,"jetpack_social_options":{"image_generator_settings":{"template":"highway","enabled":false}}},"product_cat":[15,20],"product_tag":[57,54,56,55,21,47],"jetpack_publicize_connections":[],"yoast_head":"<!-- This site is optimized with the Yoast SEO plugin v20.7 - https:\/\/yoast.com\/wordpress\/plugins\/seo\/ -->\n<title>Vela Personalizada - Lebrac<\/title>\n<meta name=\"robots\" content=\"index, follow, max-snippet:-1, max-image-preview:large, max-video-preview:-1\" \/>\n<link rel=\"canonical\" href=\"https:\/\/lebrac.es\/textil\/comprar\/hombre\/vela-personalizada\/\" \/>\n<meta property=\"og:locale\" content=\"es_ES\" \/>\n<meta property=\"og:type\" content=\"article\" \/>\n<meta property=\"og:title\" content=\"Vela Personalizada - Lebrac\" \/>\n<meta property=\"og:description\" content=\"Vel\u00f3n de tres mechas personalizado con cinta polipiel con iniciales bordadas.  Vela olor Jazmin.\u00a0Notas olfativas: jazm\u00edn, lirio de los valles, almizcle blanco.  Medidas: 12x12x12cm. (650gr.)  Un detalle \u00fanico para tu casa.  Tama\u00f1o cinta:\u00a0longitud 36 cm.\u00a0ancho: 10 cm.\" \/>\n<meta property=\"og:url\" content=\"https:\/\/lebrac.es\/textil\/comprar\/hombre\/vela-personalizada\/\" \/>\n<meta property=\"og:site_name\" content=\"Lebrac\" \/>\n<meta property=\"article:modified_time\" content=\"2025-05-19T20:11:07+00:00\" \/>\n<meta property=\"og:image\" content=\"https:\/\/lebrac.es\/textil\/wp-content\/uploads\/2018\/08\/velas-bordadas-categoria.jpg\" \/>\n\t<meta property=\"og:image:width\" content=\"900\" \/>\n\t<meta property=\"og:image:height\" content=\"900\" \/>\n\t<meta property=\"og:image:type\" content=\"image\/jpeg\" \/>\n<meta name=\"twitter:card\" content=\"summary_large_image\" \/>\n<meta name=\"twitter:label1\" content=\"Tiempo de lectura\" \/>\n\t<meta name=\"twitter:data1\" content=\"1 minuto\" \/>\n<script type=\"application\/ld+json\" class=\"yoast-schema-graph\">{\"@context\":\"https:\/\/schema.org\",\"@graph\":[{\"@type\":\"WebPage\",\"@id\":\"https:\/\/lebrac.es\/textil\/comprar\/hombre\/vela-personalizada\/\",\"url\":\"https:\/\/lebrac.es\/textil\/comprar\/hombre\/vela-personalizada\/\",\"name\":\"Vela Personalizada - Lebrac\",\"isPartOf\":{\"@id\":\"https:\/\/lebrac.es\/textil\/#website\"},\"datePublished\":\"2019-02-15T18:14:10+00:00\",\"dateModified\":\"2025-05-19T20:11:07+00:00\",\"breadcrumb\":{\"@id\":\"https:\/\/lebrac.es\/textil\/comprar\/hombre\/vela-personalizada\/#breadcrumb\"},\"inLanguage\":\"es\",\"potentialAction\":[{\"@type\":\"ReadAction\",\"target\":[\"https:\/\/lebrac.es\/textil\/comprar\/hombre\/vela-personalizada\/\"]}]},{\"@type\":\"BreadcrumbList\",\"@id\":\"https:\/\/lebrac.es\/textil\/comprar\/hombre\/vela-personalizada\/#breadcrumb\",\"itemListElement\":[{\"@type\":\"ListItem\",\"position\":1,\"name\":\"Portada\",\"item\":\"https:\/\/lebrac.es\/textil\/\"},{\"@type\":\"ListItem\",\"position\":2,\"name\":\"Tienda\",\"item\":\"https:\/\/lebrac.es\/textil\/tienda\/\"},{\"@type\":\"ListItem\",\"position\":3,\"name\":\"Vela Personalizada\"}]},{\"@type\":\"WebSite\",\"@id\":\"https:\/\/lebrac.es\/textil\/#website\",\"url\":\"https:\/\/lebrac.es\/textil\/\",\"name\":\"Lebrac\",\"description\":\"Personalizaci\u00f3n textil, Bordados, campa\u00f1as publicitarias\",\"potentialAction\":[{\"@type\":\"SearchAction\",\"target\":{\"@type\":\"EntryPoint\",\"urlTemplate\":\"https:\/\/lebrac.es\/textil\/?s={search_term_string}\"},\"query-input\":\"required name=search_term_string\"}],\"inLanguage\":\"es\"}]}<\/script>\n<!-- \/ Yoast SEO plugin. -->","yoast_head_json":{"title":"Vela Personalizada - Lebrac","robots":{"index":"index","follow":"follow","max-snippet":"max-snippet:-1","max-image-preview":"max-image-preview:large","max-video-preview":"max-video-preview:-1"},"canonical":"https:\/\/lebrac.es\/textil\/comprar\/hombre\/vela-personalizada\/","og_locale":"es_ES","og_type":"article","og_title":"Vela Personalizada - Lebrac","og_description":"Vel\u00f3n de tres mechas personalizado con cinta polipiel con iniciales bordadas.  Vela olor Jazmin.\u00a0Notas olfativas: jazm\u00edn, lirio de los valles, almizcle blanco.  Medidas: 12x12x12cm. (650gr.)  Un detalle \u00fanico para tu casa.  Tama\u00f1o cinta:\u00a0longitud 36 cm.\u00a0ancho: 10 cm.","og_url":"https:\/\/lebrac.es\/textil\/comprar\/hombre\/vela-personalizada\/","og_site_name":"Lebrac","article_modified_time":"2025-05-19T20:11:07+00:00","og_image":[{"width":900,"height":900,"url":"https:\/\/lebrac.es\/textil\/wp-content\/uploads\/2018\/08\/velas-bordadas-categoria.jpg","type":"image\/jpeg"}],"twitter_card":"summary_large_image","twitter_misc":{"Tiempo de lectura":"1 minuto"},"schema":{"@context":"https:\/\/schema.org","@graph":[{"@type":"WebPage","@id":"https:\/\/lebrac.es\/textil\/comprar\/hombre\/vela-personalizada\/","url":"https:\/\/lebrac.es\/textil\/comprar\/hombre\/vela-personalizada\/","name":"Vela Personalizada - Lebrac","isPartOf":{"@id":"https:\/\/lebrac.es\/textil\/#website"},"datePublished":"2019-02-15T18:14:10+00:00","dateModified":"2025-05-19T20:11:07+00:00","breadcrumb":{"@id":"https:\/\/lebrac.es\/textil\/comprar\/hombre\/vela-personalizada\/#breadcrumb"},"inLanguage":"es","potentialAction":[{"@type":"ReadAction","target":["https:\/\/lebrac.es\/textil\/comprar\/hombre\/vela-personalizada\/"]}]},{"@type":"BreadcrumbList","@id":"https:\/\/lebrac.es\/textil\/comprar\/hombre\/vela-personalizada\/#breadcrumb","itemListElement":[{"@type":"ListItem","position":1,"name":"Portada","item":"https:\/\/lebrac.es\/textil\/"},{"@type":"ListItem","position":2,"name":"Tienda","item":"https:\/\/lebrac.es\/textil\/tienda\/"},{"@type":"ListItem","position":3,"name":"Vela Personalizada"}]},{"@type":"WebSite","@id":"https:\/\/lebrac.es\/textil\/#website","url":"https:\/\/lebrac.es\/textil\/","name":"Lebrac","description":"Personalizaci\u00f3n textil, Bordados, campa\u00f1as publicitarias","potentialAction":[{"@type":"SearchAction","target":{"@type":"EntryPoint","urlTemplate":"https:\/\/lebrac.es\/textil\/?s={search_term_string}"},"query-input":"required name=search_term_string"}],"inLanguage":"es"}]}},"jetpack_sharing_enabled":true,"_links":{"self":[{"href":"https:\/\/lebrac.es\/textil\/wp-json\/wp\/v2\/product\/16566"}],"collection":[{"href":"https:\/\/lebrac.es\/textil\/wp-json\/wp\/v2\/product"}],"about":[{"href":"https:\/\/lebrac.es\/textil\/wp-json\/wp\/v2\/types\/product"}],"replies":[{"embeddable":true,"href":"https:\/\/lebrac.es\/textil\/wp-json\/wp\/v2\/comments?post=16566"}],"wp:featuredmedia":[{"embeddable":true,"href":"https:\/\/lebrac.es\/textil\/wp-json\/wp\/v2\/media\/13554"}],"wp:attachment":[{"href":"https:\/\/lebrac.es\/textil\/wp-json\/wp\/v2\/media?parent=16566"}],"wp:term":[{"taxonomy":"product_cat","embeddable":true,"href":"https:\/\/lebrac.es\/textil\/wp-json\/wp\/v2\/product_cat?post=16566"},{"taxonomy":"product_tag","embeddable":true,"href":"https:\/\/lebrac.es\/textil\/wp-json\/wp\/v2\/product_tag?post=16566"}],"curies":[{"name":"wp","href":"https:\/\/api.w.org\/{rel}","templated":true}]}}