{"id":13675,"date":"2018-09-03T12:39:04","date_gmt":"2018-09-03T12:39:04","guid":{"rendered":"https:\/\/lebrac.es\/textil\/?post_type=product&#038;p=13675"},"modified":"2024-08-29T14:17:01","modified_gmt":"2024-08-29T14:17:01","slug":"llaveros-circulo","status":"publish","type":"product","link":"https:\/\/lebrac.es\/textil\/comprar\/llaveros\/llaveros-circulo\/","title":{"rendered":"Llaveros C\u00edrculo"},"content":{"rendered":"<p>Llavero forma c\u00edrculo con dos caras, polipiel y borrego a tono, con inicial bordada y anilla plateada.<br \/>\nTama\u00f1o 6,5cm di\u00e1metro.<\/p>\n<p>&nbsp;<\/p>\n<h5>Tipos de letra<\/h5>\n<p>Alejandra<strong><br \/>\n<\/strong><img decoding=\"async\" loading=\"lazy\" class=\"alignnone size-full wp-image-1207\" src=\"https:\/\/i0.wp.com\/lebrac.es\/textil\/wp-content\/uploads\/2018\/07\/tipos-de-letra-para-bordados-alejandra.jpg?resize=900%2C514&#038;ssl=1\" alt=\"tipos de letra para bordados alejandra\" width=\"900\" height=\"514\" srcset=\"https:\/\/i0.wp.com\/lebrac.es\/textil\/wp-content\/uploads\/2018\/07\/tipos-de-letra-para-bordados-alejandra.jpg?w=900&amp;ssl=1 900w, https:\/\/i0.wp.com\/lebrac.es\/textil\/wp-content\/uploads\/2018\/07\/tipos-de-letra-para-bordados-alejandra.jpg?resize=300%2C171&amp;ssl=1 300w, https:\/\/i0.wp.com\/lebrac.es\/textil\/wp-content\/uploads\/2018\/07\/tipos-de-letra-para-bordados-alejandra.jpg?resize=768%2C439&amp;ssl=1 768w\" sizes=\"(max-width: 900px) 100vw, 900px\" data-recalc-dims=\"1\" \/><\/p>\n<p>Fernando<br \/>\n<img decoding=\"async\" loading=\"lazy\" class=\"alignnone size-full wp-image-1210\" src=\"https:\/\/i0.wp.com\/lebrac.es\/textil\/wp-content\/uploads\/2018\/07\/tipos-de-letra-para-bordados-fernando.jpg?resize=900%2C514&#038;ssl=1\" alt=\"tipos de etra para bordados fernando\" width=\"900\" height=\"514\" srcset=\"https:\/\/i0.wp.com\/lebrac.es\/textil\/wp-content\/uploads\/2018\/07\/tipos-de-letra-para-bordados-fernando.jpg?w=900&amp;ssl=1 900w, https:\/\/i0.wp.com\/lebrac.es\/textil\/wp-content\/uploads\/2018\/07\/tipos-de-letra-para-bordados-fernando.jpg?resize=300%2C171&amp;ssl=1 300w, https:\/\/i0.wp.com\/lebrac.es\/textil\/wp-content\/uploads\/2018\/07\/tipos-de-letra-para-bordados-fernando.jpg?resize=768%2C439&amp;ssl=1 768w\" sizes=\"(max-width: 900px) 100vw, 900px\" data-recalc-dims=\"1\" \/><\/p>\n<p>&nbsp;<\/p>\n<p>Francisco<br \/>\n<img decoding=\"async\" loading=\"lazy\" class=\"size-full wp-image-191\" src=\"https:\/\/i0.wp.com\/lebrac.es\/textil\/wp-content\/uploads\/2018\/07\/tipos-de-letra-para-bordados-francisco.jpg?resize=900%2C514&#038;ssl=1\" alt=\"tipos de letra para bordados francisco\" width=\"900\" height=\"514\" srcset=\"https:\/\/i0.wp.com\/lebrac.es\/textil\/wp-content\/uploads\/2018\/07\/tipos-de-letra-para-bordados-francisco.jpg?w=900&amp;ssl=1 900w, https:\/\/i0.wp.com\/lebrac.es\/textil\/wp-content\/uploads\/2018\/07\/tipos-de-letra-para-bordados-francisco.jpg?resize=300%2C171&amp;ssl=1 300w, https:\/\/i0.wp.com\/lebrac.es\/textil\/wp-content\/uploads\/2018\/07\/tipos-de-letra-para-bordados-francisco.jpg?resize=768%2C439&amp;ssl=1 768w\" sizes=\"(max-width: 900px) 100vw, 900px\" data-recalc-dims=\"1\" \/><\/p>\n<p>&nbsp;<\/p>\n<p>Jaime<br \/>\n<img decoding=\"async\" loading=\"lazy\" class=\"alignnone size-full wp-image-192\" src=\"https:\/\/i0.wp.com\/lebrac.es\/textil\/wp-content\/uploads\/2018\/07\/tipos-de-letra-para-bordados-jaime.jpg?resize=900%2C514&#038;ssl=1\" alt=\"tipos de letra para bordados jaime\" width=\"900\" height=\"514\" srcset=\"https:\/\/i0.wp.com\/lebrac.es\/textil\/wp-content\/uploads\/2018\/07\/tipos-de-letra-para-bordados-jaime.jpg?w=900&amp;ssl=1 900w, https:\/\/i0.wp.com\/lebrac.es\/textil\/wp-content\/uploads\/2018\/07\/tipos-de-letra-para-bordados-jaime.jpg?resize=300%2C171&amp;ssl=1 300w, https:\/\/i0.wp.com\/lebrac.es\/textil\/wp-content\/uploads\/2018\/07\/tipos-de-letra-para-bordados-jaime.jpg?resize=768%2C439&amp;ssl=1 768w\" sizes=\"(max-width: 900px) 100vw, 900px\" data-recalc-dims=\"1\" \/><\/p>\n<p>&nbsp;<\/p>\n<p>Natalia<br \/>\n<img decoding=\"async\" loading=\"lazy\" class=\"alignnone size-full wp-image-193\" src=\"https:\/\/i0.wp.com\/lebrac.es\/textil\/wp-content\/uploads\/2018\/07\/tipos-de-letra-para-bordados-natalia.jpg?resize=900%2C514&#038;ssl=1\" alt=\"tipos de letra para bordados natalia\" width=\"900\" height=\"514\" srcset=\"https:\/\/i0.wp.com\/lebrac.es\/textil\/wp-content\/uploads\/2018\/07\/tipos-de-letra-para-bordados-natalia.jpg?w=900&amp;ssl=1 900w, https:\/\/i0.wp.com\/lebrac.es\/textil\/wp-content\/uploads\/2018\/07\/tipos-de-letra-para-bordados-natalia.jpg?resize=300%2C171&amp;ssl=1 300w, https:\/\/i0.wp.com\/lebrac.es\/textil\/wp-content\/uploads\/2018\/07\/tipos-de-letra-para-bordados-natalia.jpg?resize=768%2C439&amp;ssl=1 768w\" sizes=\"(max-width: 900px) 100vw, 900px\" data-recalc-dims=\"1\" \/><\/p>\n<p>&nbsp;<\/p>\n<p>Rodrigo<br \/>\n<img decoding=\"async\" loading=\"lazy\" class=\"alignnone size-full wp-image-194\" src=\"https:\/\/i0.wp.com\/lebrac.es\/textil\/wp-content\/uploads\/2018\/07\/tipos-de-letra-para-bordados-rodrigo.jpg?resize=900%2C514&#038;ssl=1\" alt=\"tipos de letra para bordados rodrigo\" width=\"900\" height=\"514\" srcset=\"https:\/\/i0.wp.com\/lebrac.es\/textil\/wp-content\/uploads\/2018\/07\/tipos-de-letra-para-bordados-rodrigo.jpg?w=900&amp;ssl=1 900w, https:\/\/i0.wp.com\/lebrac.es\/textil\/wp-content\/uploads\/2018\/07\/tipos-de-letra-para-bordados-rodrigo.jpg?resize=300%2C171&amp;ssl=1 300w, https:\/\/i0.wp.com\/lebrac.es\/textil\/wp-content\/uploads\/2018\/07\/tipos-de-letra-para-bordados-rodrigo.jpg?resize=768%2C439&amp;ssl=1 768w\" sizes=\"(max-width: 900px) 100vw, 900px\" data-recalc-dims=\"1\" \/><\/p>\n<p><strong>Sofia<\/strong><br \/>\n<img decoding=\"async\" loading=\"lazy\" class=\"alignnone size-full wp-image-195\" src=\"https:\/\/i0.wp.com\/lebrac.es\/textil\/wp-content\/uploads\/2018\/07\/tipos-de-letra-para-bordados-sofia.jpg?resize=900%2C514&#038;ssl=1\" alt=\"tipos de letra para bordados sofia\" width=\"900\" height=\"514\" srcset=\"https:\/\/i0.wp.com\/lebrac.es\/textil\/wp-content\/uploads\/2018\/07\/tipos-de-letra-para-bordados-sofia.jpg?w=900&amp;ssl=1 900w, https:\/\/i0.wp.com\/lebrac.es\/textil\/wp-content\/uploads\/2018\/07\/tipos-de-letra-para-bordados-sofia.jpg?resize=300%2C171&amp;ssl=1 300w, https:\/\/i0.wp.com\/lebrac.es\/textil\/wp-content\/uploads\/2018\/07\/tipos-de-letra-para-bordados-sofia.jpg?resize=768%2C439&amp;ssl=1 768w\" sizes=\"(max-width: 900px) 100vw, 900px\" data-recalc-dims=\"1\" \/><\/p>\n<p>Colores bordado<\/p>\n<p><img decoding=\"async\" loading=\"lazy\" class=\"alignnone wp-image-15315 size-full\" src=\"https:\/\/i0.wp.com\/lebrac.es\/textil\/wp-content\/uploads\/2018\/09\/servilleteros-nio-bordados-colores.jpg?resize=900%2C1794&#038;ssl=1\" alt=\"servilleteros ni\u00f1o bordados colores\" width=\"900\" height=\"1794\" srcset=\"https:\/\/i0.wp.com\/lebrac.es\/textil\/wp-content\/uploads\/2018\/09\/servilleteros-nio-bordados-colores.jpg?w=900&amp;ssl=1 900w, https:\/\/i0.wp.com\/lebrac.es\/textil\/wp-content\/uploads\/2018\/09\/servilleteros-nio-bordados-colores.jpg?resize=151%2C300&amp;ssl=1 151w, https:\/\/i0.wp.com\/lebrac.es\/textil\/wp-content\/uploads\/2018\/09\/servilleteros-nio-bordados-colores.jpg?resize=768%2C1531&amp;ssl=1 768w, https:\/\/i0.wp.com\/lebrac.es\/textil\/wp-content\/uploads\/2018\/09\/servilleteros-nio-bordados-colores.jpg?resize=514%2C1024&amp;ssl=1 514w\" sizes=\"(max-width: 900px) 100vw, 900px\" data-recalc-dims=\"1\" \/><\/p>\n<p>&nbsp;<\/p>\n","protected":false},"excerpt":{"rendered":"<p>Llavero forma c\u00edrculo con dos caras, polipiel y borrego a tono, con inicial bordada y anilla plateada.<br \/>\nTama\u00f1o 6,5cm di\u00e1metro.<\/p>\n<p>(En las fotos lleva letra tipo \u00abNatalia\u00bb)<\/p>\n","protected":false},"featured_media":13677,"comment_status":"open","ping_status":"closed","template":"","meta":{"_monsterinsights_skip_tracking":false,"_monsterinsights_sitenote_active":false,"_monsterinsights_sitenote_note":"","_monsterinsights_sitenote_category":0,"jetpack_post_was_ever_published":false,"jetpack_publicize_message":"","jetpack_is_tweetstorm":false,"jetpack_publicize_feature_enabled":true,"jetpack_social_post_already_shared":false,"jetpack_social_options":{"image_generator_settings":{"template":"highway","enabled":false}}},"product_cat":[27],"product_tag":[],"jetpack_publicize_connections":[],"yoast_head":"<!-- This site is optimized with the Yoast SEO plugin v20.7 - https:\/\/yoast.com\/wordpress\/plugins\/seo\/ -->\n<title>Llaveros C\u00edrculo - Lebrac<\/title>\n<meta name=\"robots\" content=\"index, follow, max-snippet:-1, max-image-preview:large, max-video-preview:-1\" \/>\n<link rel=\"canonical\" href=\"https:\/\/lebrac.es\/textil\/comprar\/llaveros\/llaveros-circulo\/\" \/>\n<meta property=\"og:locale\" content=\"es_ES\" \/>\n<meta property=\"og:type\" content=\"article\" \/>\n<meta property=\"og:title\" content=\"Llaveros C\u00edrculo - Lebrac\" \/>\n<meta property=\"og:description\" content=\"Llavero forma c\u00edrculo con dos caras, polipiel y borrego a tono, con inicial bordada y anilla plateada. Tama\u00f1o 6,5cm di\u00e1metro.  (En las fotos lleva letra tipo &quot;Natalia&quot;)\" \/>\n<meta property=\"og:url\" content=\"https:\/\/lebrac.es\/textil\/comprar\/llaveros\/llaveros-circulo\/\" \/>\n<meta property=\"og:site_name\" content=\"Lebrac\" \/>\n<meta property=\"article:modified_time\" content=\"2024-08-29T14:17:01+00:00\" \/>\n<meta property=\"og:image\" content=\"https:\/\/lebrac.es\/textil\/wp-content\/uploads\/2018\/09\/llaveros-circulo-inicial.jpg\" \/>\n\t<meta property=\"og:image:width\" content=\"900\" \/>\n\t<meta property=\"og:image:height\" content=\"868\" \/>\n\t<meta property=\"og:image:type\" content=\"image\/jpeg\" \/>\n<meta name=\"twitter:card\" content=\"summary_large_image\" \/>\n<script type=\"application\/ld+json\" class=\"yoast-schema-graph\">{\"@context\":\"https:\/\/schema.org\",\"@graph\":[{\"@type\":\"WebPage\",\"@id\":\"https:\/\/lebrac.es\/textil\/comprar\/llaveros\/llaveros-circulo\/\",\"url\":\"https:\/\/lebrac.es\/textil\/comprar\/llaveros\/llaveros-circulo\/\",\"name\":\"Llaveros C\u00edrculo - Lebrac\",\"isPartOf\":{\"@id\":\"https:\/\/lebrac.es\/textil\/#website\"},\"datePublished\":\"2018-09-03T12:39:04+00:00\",\"dateModified\":\"2024-08-29T14:17:01+00:00\",\"breadcrumb\":{\"@id\":\"https:\/\/lebrac.es\/textil\/comprar\/llaveros\/llaveros-circulo\/#breadcrumb\"},\"inLanguage\":\"es\",\"potentialAction\":[{\"@type\":\"ReadAction\",\"target\":[\"https:\/\/lebrac.es\/textil\/comprar\/llaveros\/llaveros-circulo\/\"]}]},{\"@type\":\"BreadcrumbList\",\"@id\":\"https:\/\/lebrac.es\/textil\/comprar\/llaveros\/llaveros-circulo\/#breadcrumb\",\"itemListElement\":[{\"@type\":\"ListItem\",\"position\":1,\"name\":\"Portada\",\"item\":\"https:\/\/lebrac.es\/textil\/\"},{\"@type\":\"ListItem\",\"position\":2,\"name\":\"Tienda\",\"item\":\"https:\/\/lebrac.es\/textil\/tienda\/\"},{\"@type\":\"ListItem\",\"position\":3,\"name\":\"Llaveros C\u00edrculo\"}]},{\"@type\":\"WebSite\",\"@id\":\"https:\/\/lebrac.es\/textil\/#website\",\"url\":\"https:\/\/lebrac.es\/textil\/\",\"name\":\"Lebrac\",\"description\":\"Personalizaci\u00f3n textil, Bordados, campa\u00f1as publicitarias\",\"potentialAction\":[{\"@type\":\"SearchAction\",\"target\":{\"@type\":\"EntryPoint\",\"urlTemplate\":\"https:\/\/lebrac.es\/textil\/?s={search_term_string}\"},\"query-input\":\"required name=search_term_string\"}],\"inLanguage\":\"es\"}]}<\/script>\n<!-- \/ Yoast SEO plugin. -->","yoast_head_json":{"title":"Llaveros C\u00edrculo - Lebrac","robots":{"index":"index","follow":"follow","max-snippet":"max-snippet:-1","max-image-preview":"max-image-preview:large","max-video-preview":"max-video-preview:-1"},"canonical":"https:\/\/lebrac.es\/textil\/comprar\/llaveros\/llaveros-circulo\/","og_locale":"es_ES","og_type":"article","og_title":"Llaveros C\u00edrculo - Lebrac","og_description":"Llavero forma c\u00edrculo con dos caras, polipiel y borrego a tono, con inicial bordada y anilla plateada. Tama\u00f1o 6,5cm di\u00e1metro.  (En las fotos lleva letra tipo \"Natalia\")","og_url":"https:\/\/lebrac.es\/textil\/comprar\/llaveros\/llaveros-circulo\/","og_site_name":"Lebrac","article_modified_time":"2024-08-29T14:17:01+00:00","og_image":[{"width":900,"height":868,"url":"https:\/\/lebrac.es\/textil\/wp-content\/uploads\/2018\/09\/llaveros-circulo-inicial.jpg","type":"image\/jpeg"}],"twitter_card":"summary_large_image","schema":{"@context":"https:\/\/schema.org","@graph":[{"@type":"WebPage","@id":"https:\/\/lebrac.es\/textil\/comprar\/llaveros\/llaveros-circulo\/","url":"https:\/\/lebrac.es\/textil\/comprar\/llaveros\/llaveros-circulo\/","name":"Llaveros C\u00edrculo - Lebrac","isPartOf":{"@id":"https:\/\/lebrac.es\/textil\/#website"},"datePublished":"2018-09-03T12:39:04+00:00","dateModified":"2024-08-29T14:17:01+00:00","breadcrumb":{"@id":"https:\/\/lebrac.es\/textil\/comprar\/llaveros\/llaveros-circulo\/#breadcrumb"},"inLanguage":"es","potentialAction":[{"@type":"ReadAction","target":["https:\/\/lebrac.es\/textil\/comprar\/llaveros\/llaveros-circulo\/"]}]},{"@type":"BreadcrumbList","@id":"https:\/\/lebrac.es\/textil\/comprar\/llaveros\/llaveros-circulo\/#breadcrumb","itemListElement":[{"@type":"ListItem","position":1,"name":"Portada","item":"https:\/\/lebrac.es\/textil\/"},{"@type":"ListItem","position":2,"name":"Tienda","item":"https:\/\/lebrac.es\/textil\/tienda\/"},{"@type":"ListItem","position":3,"name":"Llaveros C\u00edrculo"}]},{"@type":"WebSite","@id":"https:\/\/lebrac.es\/textil\/#website","url":"https:\/\/lebrac.es\/textil\/","name":"Lebrac","description":"Personalizaci\u00f3n textil, Bordados, campa\u00f1as publicitarias","potentialAction":[{"@type":"SearchAction","target":{"@type":"EntryPoint","urlTemplate":"https:\/\/lebrac.es\/textil\/?s={search_term_string}"},"query-input":"required name=search_term_string"}],"inLanguage":"es"}]}},"jetpack_sharing_enabled":true,"_links":{"self":[{"href":"https:\/\/lebrac.es\/textil\/wp-json\/wp\/v2\/product\/13675"}],"collection":[{"href":"https:\/\/lebrac.es\/textil\/wp-json\/wp\/v2\/product"}],"about":[{"href":"https:\/\/lebrac.es\/textil\/wp-json\/wp\/v2\/types\/product"}],"replies":[{"embeddable":true,"href":"https:\/\/lebrac.es\/textil\/wp-json\/wp\/v2\/comments?post=13675"}],"wp:featuredmedia":[{"embeddable":true,"href":"https:\/\/lebrac.es\/textil\/wp-json\/wp\/v2\/media\/13677"}],"wp:attachment":[{"href":"https:\/\/lebrac.es\/textil\/wp-json\/wp\/v2\/media?parent=13675"}],"wp:term":[{"taxonomy":"product_cat","embeddable":true,"href":"https:\/\/lebrac.es\/textil\/wp-json\/wp\/v2\/product_cat?post=13675"},{"taxonomy":"product_tag","embeddable":true,"href":"https:\/\/lebrac.es\/textil\/wp-json\/wp\/v2\/product_tag?post=13675"}],"curies":[{"name":"wp","href":"https:\/\/api.w.org\/{rel}","templated":true}]}}