{"id":21,"date":"2018-05-30T15:52:25","date_gmt":"2018-05-30T15:52:25","guid":{"rendered":"https:\/\/lebrac.es\/textil\/?page_id=21"},"modified":"2018-08-23T09:09:30","modified_gmt":"2018-08-23T09:09:30","slug":"politica-de-privacidad","status":"publish","type":"page","link":"https:\/\/lebrac.es\/textil\/politica-de-privacidad\/","title":{"rendered":"Pol\u00edtica de privacidad"},"content":{"rendered":"<section class=\"wpb-content-wrapper\">[vc_row][vc_column][vc_column_text animation=\u00bbbottom-to-top\u00bb css=\u00bb.vc_custom_1535015368267{margin-bottom: 0px !important;}\u00bb]\n<h5>Responsable del tratamiento<\/h5>\n<p>En cumplimiento de lo establecido en el art\u00edculo 14 del RGPD 679\/2016 de 27 de abril, informamos que el Responsable del Tratamiento de Datos de Car\u00e1cter Personal es LEBRAC DISE\u00d1O, S.L., con N\u00famero identificaci\u00f3n fiscal: B86633963, y domicilio en Modesto Lafuente, 58- 28003 Madrid (MADRID). Mail: <a href=\"mailto:pedidos@lebrac.es\">pedidos@lebrac.es<\/a>.\u00a0Inscrita en el Registro Mercantil de Madrid: Tomo 30625, Libro 0, Folio 200, Secci\u00f3n 8, Hoja M551186, Inscripci\u00f3n o anotaci\u00f3n 1. Fecha 28\/01\/2013.[\/vc_column_text][\/vc_column][\/vc_row][vc_row][vc_column][vc_column_text animation=\u00bbbottom-to-top\u00bb css=\u00bb.vc_custom_1535015338539{margin-bottom: 0px !important;}\u00bb]\n<h5>Finalidad del tratamiento<\/h5>\n<p>Recogemos tus datos personales con la finalidad de:<\/p>\n<ul>\n<li>Gestionar la contrataci\u00f3n de productos o servicios ofrecidos por Lebrac Dise\u00f1o, S.L., incluyendo venta a distancia y gesti\u00f3n de env\u00edos y devoluciones.<\/li>\n<li>Facilitarte el pago de cualquier producto o servicio ofertado.<\/li>\n<li>Cumplimiento de obligaciones legales.<\/li>\n<li>Crear y gestionar una cuenta personal con registro \u00fanico para que sea utilizado en la adquisici\u00f3n de productos y servicios ofertados por Lebrac Dise\u00f1o, S.L.<\/li>\n<li>Canalizar las solicitudes de informaci\u00f3n, sugerencias y reclamaciones para su gesti\u00f3n y resoluci\u00f3n.<\/li>\n<li>Estudios de mercado y prospecci\u00f3n comercial, informes de h\u00e1bitos de consumo, datos estad\u00edsticos y tendencias del mercado, con el objeto de ofertarte productos y servicios que puedan resultar de tu inter\u00e9s.<\/li>\n<li>Mantenerte informado, sobre nuestros \u00faltimos productos, ofertas, oportunidades, etc. Los canales que utilizamos habitualmente son: correo electr\u00f3nico, correo postal, tel\u00e9fono, SMS, mensaje Push, pero solo si nos prestas tu consentimiento.<\/li>\n<\/ul>\n<h5>Qu\u00e9 datos personales recogemos<\/h5>\n<h6>Informaci\u00f3n personal<\/h6>\n<p>Recabamos informaci\u00f3n personal que nos facilitas a trav\u00e9s de la web cuando realizas una compra o rellenas un formulario.<br \/>\nLa informaci\u00f3n personal que nos facilitas son: nombre y apellidos, domicilio, DNI, correo electr\u00f3nico, tel\u00e9fono de contacto y datos de pago.<\/p>\n<h5>Informaci\u00f3n que recabamos de las visitas en nuestras web<\/h5>\n<ul>\n<li>Recabamos y almacenamos informaci\u00f3n personal limitada y estad\u00edsticas globales an\u00f3nimas de todos aquellos usuarios que visitan nuestras web, ya sea porque nos facilitas dicha informaci\u00f3n de forma activa o te encuentras simplemente navegando en nuestra web. La informaci\u00f3n que recabamos incluye la direcci\u00f3n del protocolo de Internet (IP) del dispositivo que est\u00e1 usando, el programa de navegaci\u00f3n que utiliza, tu sistema operativo, la fecha y hora del acceso, la direcci\u00f3n de Internet de la web por la que accediste a nuestra web y tambi\u00e9n informaci\u00f3n sobre c\u00f3mo utilizas nuestras web.<\/li>\n<li>Esta informaci\u00f3n la utilizamos para saber el tiempo de carga de nuestras webs, c\u00f3mo se utilizan, el n\u00famero de visitas a las diferentes secciones y el tipo de informaci\u00f3n que m\u00e1s atrae a los visitantes. Tambi\u00e9n ayuda a identificar si la web funciona correctamente, y si detectamos fallos o errores en el funcionamiento, solucionarlos y mejorar el rendimiento de nuestras webs, para poder ofrecer un mejor servicio a todos los usuarios.<\/li>\n<li>Si dejas un comentario en nuestro sitio puedes elegir guardar tu nombre, direcci\u00f3n de correo electr\u00f3nico y web en cookies. Esto es para tu comodidad, para que no tengas que volver a rellenar tus datos cuando dejes otro comentario. Estas cookies tendr\u00e1n una duraci\u00f3n de un a\u00f1o.<\/li>\n<li>Si tienes una cuenta y te conectas a este sitio, instalaremos una cookie temporal para determinar si tu navegador acepta cookies. Esta cookie no contiene datos personales y se elimina al cerrar el navegador.<\/li>\n<li>Cuando inicias sesi\u00f3n, tambi\u00e9n instalaremos varias cookies para guardar tu informaci\u00f3n de inicio de sesi\u00f3n y tus opciones de visualizaci\u00f3n de pantalla. Las cookies de inicio de sesi\u00f3n duran dos d\u00edas, y las cookies de opciones de pantalla duran un a\u00f1o. Si seleccionas \u201cRecordarme\u201d, tu inicio de sesi\u00f3n perdurar\u00e1 durante dos semanas. Si sales de tu cuenta, las cookies de inicio de sesi\u00f3n se eliminar\u00e1n.<\/li>\n<\/ul>\n<p>Esta informaci\u00f3n se recaba a trav\u00e9s de cookies, para m\u00e1s informaci\u00f3n consulta nuestra <a href=\"https:\/\/lebrac.es\/textil\/politica-de-cookies\/\">pol\u00edtica de cookies<\/a>.<\/p>\n<h6>Comentarios<\/h6>\n<p>Cuando los visitantes dejan comentarios en la web, recopilamos los datos que se muestran en el formulario de comentarios, as\u00ed como la direcci\u00f3n IP del visitante y la cadena de agentes de usuario del navegador para ayudar a la detecci\u00f3n de spam.\u00a0Una cadena an\u00f3nima creada a partir de tu direcci\u00f3n de correo electr\u00f3nico (tambi\u00e9n llamada hash) puede ser proporcionada al servicio de Gravatar para ver si la est\u00e1s usando. La pol\u00edtica de privacidad del servicio Gravatar est\u00e1 disponible aqu\u00ed: <a href=\"https:\/\/automattic.com\/privacy\/\" target=\"_blank\" rel=\"noopener\">https:\/\/automattic.com\/privacy\/<\/a>. Despu\u00e9s de la aprobaci\u00f3n de tu comentario, la imagen de tu perfil es visible para el p\u00fablico en el contexto de su comentario.<\/p>\n<h6>Redes sociales<\/h6>\n<p>Lebrac Dise\u00f1o, S.L.\u00a0cuenta con presencia y v\u00ednculo en su WEB con redes sociales Facebook e Instagram que usa para mantener informado a sus clientes de los productos, servicios y novedades, as\u00ed como plataforma de difusi\u00f3n de sus actividades.\u00a0La informaci\u00f3n que recabamos por medio de las redes sociales a veces incluye informaci\u00f3n personal que se encuentra disponible online y para el p\u00fablico.\u00a0Es probable que estas redes sociales tengan sus propias pol\u00edticas de privacidad, mediante las cuales te explicar\u00e1n como utilizan y comparten tu informaci\u00f3n personal.\u00a0Lebrac Dise\u00f1o, S.L. no tratar\u00e1 tus datos para otro fin que no sea \u00fanica y exclusivamente el consentido por el usuario y aceptado, cumpliendo de esta forma el principio de calidad dispuesto en la Ley Org\u00e1nica de Protecci\u00f3n de Datos.<\/p>\n<h5>A qui\u00e9n podemos comunicar tu informaci\u00f3n personal<\/h5>\n<p>En algunos casos, es necesario que comuniquemos la informaci\u00f3n que nos ha proporcionado a terceras partes:<\/p>\n<ul>\n<li>Servicios de log\u00edstica, transporte y entrega, etc. para poder prestarle el servicio solicitado<\/li>\n<li>Empresas de tecnolog\u00eda de la informaci\u00f3n (almacenamiento y procesamiento de la informaci\u00f3n), servicios de seguridad, servicios de auditor\u00eda, servicios de inform\u00e1tica (programaci\u00f3n y mantenimiento de la web), etc.<\/li>\n<\/ul>\n<p>Estas terceras partes solo tienen acceso a la informaci\u00f3n personal que necesitan para llevar a cabo dichos servicios. Se les exige que mantengan en confidencialidad su informaci\u00f3n personal y <b>no pueden utilizarla de ninguna otra forma que aquella que les hemos solicitado<\/b>.<\/p>\n<h5>Derechos de las personas interesadas (ARCO)<\/h5>\n<p>En cualquier momento tienes derecho:<\/p>\n<ul>\n<li>a obtener informaci\u00f3n sobre si estamos tratando tus datos personales<\/li>\n<li>acceder a tus datos personales<\/li>\n<li>solicitar la rectificaci\u00f3n de los datos inexactos o en su caso solicitar la supresi\u00f3n cuando entre otros motivos los datos ya no sean necesarios para los fines que fueron recogidos<\/li>\n<li>solicitar la limitaci\u00f3n del tratamiento de tus datos en cuyo caso \u00fanicamente conservaremos para el ejercicio o la defensa de reclamaciones<\/li>\n<li>oponerte al tratamiento de tus datos, por lo cual dejar\u00edamos de tratarlos, salvo por motivos leg\u00edtimos imperiosos o el ejercicio de posibles reclamaciones.<\/li>\n<\/ul>\n<p>Mantendremos tu informaci\u00f3n personal mientras exista una relaci\u00f3n contractual y\/o comercial contigo, o mientras no ejerzas tu derecho de supresi\u00f3n, cancelaci\u00f3n y\/o limitaci\u00f3n del tratamiento de tus datos.<\/p>\n<p>Puedes ejercer tus derechos mediante solicitud a Lebrac Dise\u00f1o, S.L., junto con una fotocopia y\/o copia escaneada del DNI del solicitante a la direcci\u00f3n de correo electr\u00f3nico: pedidos@lebrac.es<\/p>\n<h5>Procedencia de los Datos de Car\u00e1cter Personal<\/h5>\n<p>Los datos personales que tratamos proceden del interesado que facilita en <a href=\"https:\/\/lebrac.es\/textil\">https:\/\/lebrac.es\/textil<\/a>:<\/p>\n<ul>\n<li>al solicitar informaci\u00f3n a trav\u00e9s del formulario de contacto y\/o pasarela de ayuda online<\/li>\n<li>al registrarse como usuario en la web<\/li>\n<li>al realizar una\u00a0compra online<\/li>\n<\/ul>\n<h5>Seguridad<\/h5>\n<p>Conforme a nuestra garant\u00eda de seguridad y confidencialidad las transacciones comerciales son realizadas en un entorno de servidor seguro bajo protocolo SSL (Secure Socket Layer).<\/p>\n<h5>Limitaci\u00f3n de responsabilidad<\/h5>\n<p>Efectuamos los mayores esfuerzos para asegurar la disponibilidad, sin interrupciones, de los Servicios de Lebrac Dise\u00f1o, S.L.,\u00a0 as\u00ed como la ausencia de errores en cualquier transmisi\u00f3n de informaci\u00f3n que pudiera tener lugar. No obstante, y debido a la naturaleza misma de Internet, no es posible garantizar tales extremos. Asimismo, tu acceso a los Servicios de Lebrac Dise\u00f1o, S.L. pudiera ocasionalmente verse suspendido o restringido a efectos de la realizaci\u00f3n de trabajos de reparaci\u00f3n o mantenimiento, o la introducci\u00f3n de nuevos productos o servicios.<\/p>\n<p>Lebrac Dise\u00f1o, S.L., no ser\u00e1 responsable de (i) cualesquiera p\u00e9rdidas que no fueran atribuibles a incumplimiento alguno por su parte, (ii) p\u00e9rdidas empresariales (incluyendo lucro cesante, de ingresos, de contratos, de ahorros previstos, de datos, p\u00e9rdida del fondo de comercio o gastos innecesarios incurridos), ni de (iii) cualesquiera p\u00e9rdidas indirectas o de car\u00e1cter consecuencial que no fueran razonablemente previsibles por ambas partes en el momento en que el usuario hubiera comenzado a utilizar los Servicios de Lebrac Dise\u00f1o, S.L. Tampoco seremos responsable de ninguna demora o falta de cumplimiento de nuestras obligaciones derivadas de las presentes condiciones si dicha demora o falta de cumplimiento fuera atribuible a circunstancias ajenas a nuestro control razonable. Esta disposici\u00f3n no afecta al derecho del cliente a recibir el producto o la prestaci\u00f3n del correspondiente servicio en un plazo razonable, o a recibir el oportuno reembolso para el caso de que no pudi\u00e9ramos suministrarle tales productos o servicios en un plazo razonable por cualquier causa ajena a nuestro control razonable.[\/vc_column_text][\/vc_column][\/vc_row]\n<\/section>","protected":false},"excerpt":{"rendered":"<p>[vc_row][vc_column][vc_column_text animation=\u00bbbottom-to-top\u00bb css=\u00bb.vc_custom_1535015368267{margin-bottom: 0px !important;}\u00bb] Responsable del tratamiento En cumplimiento de lo establecido en el art\u00edculo 14 del RGPD 679\/2016 de 27 de abril, informamos que el Responsable del Tratamiento de Datos de Car\u00e1cter Personal es LEBRAC DISE\u00d1O, S.L., con N\u00famero identificaci\u00f3n fiscal: B86633963, y domicilio en Modesto Lafuente, 58- 28003 Madrid (MADRID). Mail: pedidos@lebrac.es.\u00a0Inscrita [&hellip;]<\/p>\n","protected":false},"author":1,"featured_media":0,"parent":0,"menu_order":0,"comment_status":"closed","ping_status":"closed","template":"","meta":{"_monsterinsights_skip_tracking":false,"_monsterinsights_sitenote_active":false,"_monsterinsights_sitenote_note":"","_monsterinsights_sitenote_category":0,"jetpack_post_was_ever_published":false},"yoast_head":"<!-- This site is optimized with the Yoast SEO plugin v20.7 - https:\/\/yoast.com\/wordpress\/plugins\/seo\/ -->\n<title>Pol\u00edtica de privacidad - Lebrac<\/title>\n<meta name=\"robots\" content=\"noindex, nofollow\" \/>\n<meta property=\"og:locale\" content=\"es_ES\" \/>\n<meta property=\"og:type\" content=\"article\" \/>\n<meta property=\"og:title\" content=\"Pol\u00edtica de privacidad - Lebrac\" \/>\n<meta property=\"og:description\" content=\"[vc_row][vc_column][vc_column_text animation=\u00bbbottom-to-top\u00bb css=\u00bb.vc_custom_1535015368267{margin-bottom: 0px !important;}\u00bb] Responsable del tratamiento En cumplimiento de lo establecido en el art\u00edculo 14 del RGPD 679\/2016 de 27 de abril, informamos que el Responsable del Tratamiento de Datos de Car\u00e1cter Personal es LEBRAC DISE\u00d1O, S.L., con N\u00famero identificaci\u00f3n fiscal: B86633963, y domicilio en Modesto Lafuente, 58- 28003 Madrid (MADRID). Mail: pedidos@lebrac.es.\u00a0Inscrita [&hellip;]\" \/>\n<meta property=\"og:url\" content=\"https:\/\/lebrac.es\/textil\/politica-de-privacidad\/\" \/>\n<meta property=\"og:site_name\" content=\"Lebrac\" \/>\n<meta property=\"article:modified_time\" content=\"2018-08-23T09:09:30+00:00\" \/>\n<meta name=\"twitter:card\" content=\"summary_large_image\" \/>\n<meta name=\"twitter:label1\" content=\"Tiempo de lectura\" \/>\n\t<meta name=\"twitter:data1\" content=\"8 minutos\" \/>\n<script type=\"application\/ld+json\" class=\"yoast-schema-graph\">{\"@context\":\"https:\/\/schema.org\",\"@graph\":[{\"@type\":\"WebPage\",\"@id\":\"https:\/\/lebrac.es\/textil\/politica-de-privacidad\/\",\"url\":\"https:\/\/lebrac.es\/textil\/politica-de-privacidad\/\",\"name\":\"Pol\u00edtica de privacidad - Lebrac\",\"isPartOf\":{\"@id\":\"https:\/\/lebrac.es\/textil\/#website\"},\"datePublished\":\"2018-05-30T15:52:25+00:00\",\"dateModified\":\"2018-08-23T09:09:30+00:00\",\"breadcrumb\":{\"@id\":\"https:\/\/lebrac.es\/textil\/politica-de-privacidad\/#breadcrumb\"},\"inLanguage\":\"es\",\"potentialAction\":[{\"@type\":\"ReadAction\",\"target\":[\"https:\/\/lebrac.es\/textil\/politica-de-privacidad\/\"]}]},{\"@type\":\"BreadcrumbList\",\"@id\":\"https:\/\/lebrac.es\/textil\/politica-de-privacidad\/#breadcrumb\",\"itemListElement\":[{\"@type\":\"ListItem\",\"position\":1,\"name\":\"Portada\",\"item\":\"https:\/\/lebrac.es\/textil\/\"},{\"@type\":\"ListItem\",\"position\":2,\"name\":\"Pol\u00edtica de privacidad\"}]},{\"@type\":\"WebSite\",\"@id\":\"https:\/\/lebrac.es\/textil\/#website\",\"url\":\"https:\/\/lebrac.es\/textil\/\",\"name\":\"Lebrac\",\"description\":\"Personalizaci\u00f3n textil, Bordados, campa\u00f1as publicitarias\",\"potentialAction\":[{\"@type\":\"SearchAction\",\"target\":{\"@type\":\"EntryPoint\",\"urlTemplate\":\"https:\/\/lebrac.es\/textil\/?s={search_term_string}\"},\"query-input\":\"required name=search_term_string\"}],\"inLanguage\":\"es\"}]}<\/script>\n<!-- \/ Yoast SEO plugin. -->","yoast_head_json":{"title":"Pol\u00edtica de privacidad - Lebrac","robots":{"index":"noindex","follow":"nofollow"},"og_locale":"es_ES","og_type":"article","og_title":"Pol\u00edtica de privacidad - Lebrac","og_description":"[vc_row][vc_column][vc_column_text animation=\u00bbbottom-to-top\u00bb css=\u00bb.vc_custom_1535015368267{margin-bottom: 0px !important;}\u00bb] Responsable del tratamiento En cumplimiento de lo establecido en el art\u00edculo 14 del RGPD 679\/2016 de 27 de abril, informamos que el Responsable del Tratamiento de Datos de Car\u00e1cter Personal es LEBRAC DISE\u00d1O, S.L., con N\u00famero identificaci\u00f3n fiscal: B86633963, y domicilio en Modesto Lafuente, 58- 28003 Madrid (MADRID). Mail: pedidos@lebrac.es.\u00a0Inscrita [&hellip;]","og_url":"https:\/\/lebrac.es\/textil\/politica-de-privacidad\/","og_site_name":"Lebrac","article_modified_time":"2018-08-23T09:09:30+00:00","twitter_card":"summary_large_image","twitter_misc":{"Tiempo de lectura":"8 minutos"},"schema":{"@context":"https:\/\/schema.org","@graph":[{"@type":"WebPage","@id":"https:\/\/lebrac.es\/textil\/politica-de-privacidad\/","url":"https:\/\/lebrac.es\/textil\/politica-de-privacidad\/","name":"Pol\u00edtica de privacidad - Lebrac","isPartOf":{"@id":"https:\/\/lebrac.es\/textil\/#website"},"datePublished":"2018-05-30T15:52:25+00:00","dateModified":"2018-08-23T09:09:30+00:00","breadcrumb":{"@id":"https:\/\/lebrac.es\/textil\/politica-de-privacidad\/#breadcrumb"},"inLanguage":"es","potentialAction":[{"@type":"ReadAction","target":["https:\/\/lebrac.es\/textil\/politica-de-privacidad\/"]}]},{"@type":"BreadcrumbList","@id":"https:\/\/lebrac.es\/textil\/politica-de-privacidad\/#breadcrumb","itemListElement":[{"@type":"ListItem","position":1,"name":"Portada","item":"https:\/\/lebrac.es\/textil\/"},{"@type":"ListItem","position":2,"name":"Pol\u00edtica de privacidad"}]},{"@type":"WebSite","@id":"https:\/\/lebrac.es\/textil\/#website","url":"https:\/\/lebrac.es\/textil\/","name":"Lebrac","description":"Personalizaci\u00f3n textil, Bordados, campa\u00f1as publicitarias","potentialAction":[{"@type":"SearchAction","target":{"@type":"EntryPoint","urlTemplate":"https:\/\/lebrac.es\/textil\/?s={search_term_string}"},"query-input":"required name=search_term_string"}],"inLanguage":"es"}]}},"jetpack_sharing_enabled":true,"jetpack_shortlink":"https:\/\/wp.me\/PacCca-l","_links":{"self":[{"href":"https:\/\/lebrac.es\/textil\/wp-json\/wp\/v2\/pages\/21"}],"collection":[{"href":"https:\/\/lebrac.es\/textil\/wp-json\/wp\/v2\/pages"}],"about":[{"href":"https:\/\/lebrac.es\/textil\/wp-json\/wp\/v2\/types\/page"}],"author":[{"embeddable":true,"href":"https:\/\/lebrac.es\/textil\/wp-json\/wp\/v2\/users\/1"}],"replies":[{"embeddable":true,"href":"https:\/\/lebrac.es\/textil\/wp-json\/wp\/v2\/comments?post=21"}],"version-history":[{"count":19,"href":"https:\/\/lebrac.es\/textil\/wp-json\/wp\/v2\/pages\/21\/revisions"}],"predecessor-version":[{"id":13558,"href":"https:\/\/lebrac.es\/textil\/wp-json\/wp\/v2\/pages\/21\/revisions\/13558"}],"wp:attachment":[{"href":"https:\/\/lebrac.es\/textil\/wp-json\/wp\/v2\/media?parent=21"}],"curies":[{"name":"wp","href":"https:\/\/api.w.org\/{rel}","templated":true}]}}