{"id":1362,"date":"2018-07-23T09:32:24","date_gmt":"2018-07-23T09:32:24","guid":{"rendered":"https:\/\/lebrac.es\/textil\/?page_id=1362"},"modified":"2023-12-11T21:05:53","modified_gmt":"2023-12-11T21:05:53","slug":"contacto","status":"publish","type":"page","link":"https:\/\/lebrac.es\/textil\/contacto\/","title":{"rendered":"Contacto"},"content":{"rendered":"<section class=\"wpb-content-wrapper\">[vc_row][vc_column width=\u00bb1\/2&#8243;][vc_custom_heading text=\u00bbAqu\u00ed puedes contactar con nosotros\u00bb font_container=\u00bbtag:p|font_size:22|text_align:left\u00bb use_theme_fonts=\u00bbyes\u00bb][mk_contact_info email=\u00bbpedidos@lebrac.es\u00bb company=\u00bbLebrac\u00bb][mk_icon_box icon=\u00bbmk-jupiter-icon-simple-whatsapp\u00bb title=\u00bb666 453 757&#8243; text_size=\u00bb14&#8243; icon_color=\u00bb#777777&#8243; icon_circle_color=\u00bb\u00bb][\/mk_icon_box][\/vc_column][vc_column width=\u00bb1\/2&#8243;][vc_custom_heading text=\u00bbFormulario de Contacto\u00bb font_container=\u00bbtag:p|font_size:22|text_align:left\u00bb use_theme_fonts=\u00bbyes\u00bb][mk_contact_form style=\u00bbclassic\u00bb button_text=\u00bbenviar\u00bb email=\u00bbpedidos@lebrac.es\u00bb phone=\u00bbtrue\u00bb gdpr_consent_text=\u00bbHe le\u00eddo y acepto la pol\u00edtica de privacidad. Responsable: Lebrac DIse\u00f1o, S.L.. Finalidad: Responder a tu mensaje. Legitimaci\u00f3n: Tu consentimiento expreso. Destinatarios: Los datos son guardados en nuestra base de datos. Derechos: Tienes derecho a acceder, rectificar, limitar y eliminar tus datos cuando quieras.\u00bb][\/vc_column][\/vc_row]\n<\/section>","protected":false},"excerpt":{"rendered":"<p>[vc_row][vc_column width=\u00bb1\/2&#8243;][vc_custom_heading text=\u00bbAqu\u00ed puedes contactar con nosotros\u00bb font_container=\u00bbtag:p|font_size:22|text_align:left\u00bb use_theme_fonts=\u00bbyes\u00bb][mk_contact_info email=\u00bbpedidos@lebrac.es\u00bb company=\u00bbLebrac\u00bb][mk_icon_box icon=\u00bbmk-jupiter-icon-simple-whatsapp\u00bb title=\u00bb666 453 757&#8243; text_size=\u00bb14&#8243; icon_color=\u00bb#777777&#8243; icon_circle_color=\u00bb\u00bb][\/mk_icon_box][\/vc_column][vc_column width=\u00bb1\/2&#8243;][vc_custom_heading text=\u00bbFormulario de Contacto\u00bb font_container=\u00bbtag:p|font_size:22|text_align:left\u00bb use_theme_fonts=\u00bbyes\u00bb][mk_contact_form style=\u00bbclassic\u00bb button_text=\u00bbenviar\u00bb email=\u00bbpedidos@lebrac.es\u00bb phone=\u00bbtrue\u00bb gdpr_consent_text=\u00bbHe le\u00eddo y acepto la pol\u00edtica de privacidad. Responsable: Lebrac DIse\u00f1o, S.L.. Finalidad: Responder a tu mensaje. Legitimaci\u00f3n: Tu consentimiento expreso. Destinatarios: Los datos son guardados en [&hellip;]<\/p>\n","protected":false},"author":1,"featured_media":0,"parent":0,"menu_order":0,"comment_status":"closed","ping_status":"closed","template":"","meta":{"_monsterinsights_skip_tracking":false,"_monsterinsights_sitenote_active":false,"_monsterinsights_sitenote_note":"","_monsterinsights_sitenote_category":0,"jetpack_post_was_ever_published":false},"yoast_head":"<!-- This site is optimized with the Yoast SEO plugin v20.7 - https:\/\/yoast.com\/wordpress\/plugins\/seo\/ -->\n<title>Contacto - Lebrac<\/title>\n<meta name=\"robots\" content=\"index, follow, max-snippet:-1, max-image-preview:large, max-video-preview:-1\" \/>\n<link rel=\"canonical\" href=\"https:\/\/lebrac.es\/textil\/contacto\/\" \/>\n<meta property=\"og:locale\" content=\"es_ES\" \/>\n<meta property=\"og:type\" content=\"article\" \/>\n<meta property=\"og:title\" content=\"Contacto - Lebrac\" \/>\n<meta property=\"og:description\" content=\"[vc_row][vc_column width=\u00bb1\/2&#8243;][vc_custom_heading text=\u00bbAqu\u00ed puedes contactar con nosotros\u00bb font_container=\u00bbtag:p|font_size:22|text_align:left\u00bb use_theme_fonts=\u00bbyes\u00bb][mk_contact_info email=\u00bbpedidos@lebrac.es\u00bb company=\u00bbLebrac\u00bb][mk_icon_box icon=\u00bbmk-jupiter-icon-simple-whatsapp\u00bb title=\u00bb666 453 757&#8243; text_size=\u00bb14&#8243; icon_color=\u00bb#777777&#8243; icon_circle_color=\u00bb\u00bb][\/mk_icon_box][\/vc_column][vc_column width=\u00bb1\/2&#8243;][vc_custom_heading text=\u00bbFormulario de Contacto\u00bb font_container=\u00bbtag:p|font_size:22|text_align:left\u00bb use_theme_fonts=\u00bbyes\u00bb][mk_contact_form style=\u00bbclassic\u00bb button_text=\u00bbenviar\u00bb email=\u00bbpedidos@lebrac.es\u00bb phone=\u00bbtrue\u00bb gdpr_consent_text=\u00bbHe le\u00eddo y acepto la pol\u00edtica de privacidad. Responsable: Lebrac DIse\u00f1o, S.L.. Finalidad: Responder a tu mensaje. Legitimaci\u00f3n: Tu consentimiento expreso. Destinatarios: Los datos son guardados en [&hellip;]\" \/>\n<meta property=\"og:url\" content=\"https:\/\/lebrac.es\/textil\/contacto\/\" \/>\n<meta property=\"og:site_name\" content=\"Lebrac\" \/>\n<meta property=\"article:modified_time\" content=\"2023-12-11T21:05:53+00:00\" \/>\n<meta name=\"twitter:card\" content=\"summary_large_image\" \/>\n<meta name=\"twitter:label1\" content=\"Tiempo de lectura\" \/>\n\t<meta name=\"twitter:data1\" content=\"1 minuto\" \/>\n<script type=\"application\/ld+json\" class=\"yoast-schema-graph\">{\"@context\":\"https:\/\/schema.org\",\"@graph\":[{\"@type\":\"WebPage\",\"@id\":\"https:\/\/lebrac.es\/textil\/contacto\/\",\"url\":\"https:\/\/lebrac.es\/textil\/contacto\/\",\"name\":\"Contacto - Lebrac\",\"isPartOf\":{\"@id\":\"https:\/\/lebrac.es\/textil\/#website\"},\"datePublished\":\"2018-07-23T09:32:24+00:00\",\"dateModified\":\"2023-12-11T21:05:53+00:00\",\"breadcrumb\":{\"@id\":\"https:\/\/lebrac.es\/textil\/contacto\/#breadcrumb\"},\"inLanguage\":\"es\",\"potentialAction\":[{\"@type\":\"ReadAction\",\"target\":[\"https:\/\/lebrac.es\/textil\/contacto\/\"]}]},{\"@type\":\"BreadcrumbList\",\"@id\":\"https:\/\/lebrac.es\/textil\/contacto\/#breadcrumb\",\"itemListElement\":[{\"@type\":\"ListItem\",\"position\":1,\"name\":\"Portada\",\"item\":\"https:\/\/lebrac.es\/textil\/\"},{\"@type\":\"ListItem\",\"position\":2,\"name\":\"Contacto\"}]},{\"@type\":\"WebSite\",\"@id\":\"https:\/\/lebrac.es\/textil\/#website\",\"url\":\"https:\/\/lebrac.es\/textil\/\",\"name\":\"Lebrac\",\"description\":\"Personalizaci\u00f3n textil, Bordados, campa\u00f1as publicitarias\",\"potentialAction\":[{\"@type\":\"SearchAction\",\"target\":{\"@type\":\"EntryPoint\",\"urlTemplate\":\"https:\/\/lebrac.es\/textil\/?s={search_term_string}\"},\"query-input\":\"required name=search_term_string\"}],\"inLanguage\":\"es\"}]}<\/script>\n<!-- \/ Yoast SEO plugin. -->","yoast_head_json":{"title":"Contacto - Lebrac","robots":{"index":"index","follow":"follow","max-snippet":"max-snippet:-1","max-image-preview":"max-image-preview:large","max-video-preview":"max-video-preview:-1"},"canonical":"https:\/\/lebrac.es\/textil\/contacto\/","og_locale":"es_ES","og_type":"article","og_title":"Contacto - Lebrac","og_description":"[vc_row][vc_column width=\u00bb1\/2&#8243;][vc_custom_heading text=\u00bbAqu\u00ed puedes contactar con nosotros\u00bb font_container=\u00bbtag:p|font_size:22|text_align:left\u00bb use_theme_fonts=\u00bbyes\u00bb][mk_contact_info email=\u00bbpedidos@lebrac.es\u00bb company=\u00bbLebrac\u00bb][mk_icon_box icon=\u00bbmk-jupiter-icon-simple-whatsapp\u00bb title=\u00bb666 453 757&#8243; text_size=\u00bb14&#8243; icon_color=\u00bb#777777&#8243; icon_circle_color=\u00bb\u00bb][\/mk_icon_box][\/vc_column][vc_column width=\u00bb1\/2&#8243;][vc_custom_heading text=\u00bbFormulario de Contacto\u00bb font_container=\u00bbtag:p|font_size:22|text_align:left\u00bb use_theme_fonts=\u00bbyes\u00bb][mk_contact_form style=\u00bbclassic\u00bb button_text=\u00bbenviar\u00bb email=\u00bbpedidos@lebrac.es\u00bb phone=\u00bbtrue\u00bb gdpr_consent_text=\u00bbHe le\u00eddo y acepto la pol\u00edtica de privacidad. Responsable: Lebrac DIse\u00f1o, S.L.. Finalidad: Responder a tu mensaje. Legitimaci\u00f3n: Tu consentimiento expreso. Destinatarios: Los datos son guardados en [&hellip;]","og_url":"https:\/\/lebrac.es\/textil\/contacto\/","og_site_name":"Lebrac","article_modified_time":"2023-12-11T21:05:53+00:00","twitter_card":"summary_large_image","twitter_misc":{"Tiempo de lectura":"1 minuto"},"schema":{"@context":"https:\/\/schema.org","@graph":[{"@type":"WebPage","@id":"https:\/\/lebrac.es\/textil\/contacto\/","url":"https:\/\/lebrac.es\/textil\/contacto\/","name":"Contacto - Lebrac","isPartOf":{"@id":"https:\/\/lebrac.es\/textil\/#website"},"datePublished":"2018-07-23T09:32:24+00:00","dateModified":"2023-12-11T21:05:53+00:00","breadcrumb":{"@id":"https:\/\/lebrac.es\/textil\/contacto\/#breadcrumb"},"inLanguage":"es","potentialAction":[{"@type":"ReadAction","target":["https:\/\/lebrac.es\/textil\/contacto\/"]}]},{"@type":"BreadcrumbList","@id":"https:\/\/lebrac.es\/textil\/contacto\/#breadcrumb","itemListElement":[{"@type":"ListItem","position":1,"name":"Portada","item":"https:\/\/lebrac.es\/textil\/"},{"@type":"ListItem","position":2,"name":"Contacto"}]},{"@type":"WebSite","@id":"https:\/\/lebrac.es\/textil\/#website","url":"https:\/\/lebrac.es\/textil\/","name":"Lebrac","description":"Personalizaci\u00f3n textil, Bordados, campa\u00f1as publicitarias","potentialAction":[{"@type":"SearchAction","target":{"@type":"EntryPoint","urlTemplate":"https:\/\/lebrac.es\/textil\/?s={search_term_string}"},"query-input":"required name=search_term_string"}],"inLanguage":"es"}]}},"jetpack_sharing_enabled":true,"jetpack_shortlink":"https:\/\/wp.me\/PacCca-lY","_links":{"self":[{"href":"https:\/\/lebrac.es\/textil\/wp-json\/wp\/v2\/pages\/1362"}],"collection":[{"href":"https:\/\/lebrac.es\/textil\/wp-json\/wp\/v2\/pages"}],"about":[{"href":"https:\/\/lebrac.es\/textil\/wp-json\/wp\/v2\/types\/page"}],"author":[{"embeddable":true,"href":"https:\/\/lebrac.es\/textil\/wp-json\/wp\/v2\/users\/1"}],"replies":[{"embeddable":true,"href":"https:\/\/lebrac.es\/textil\/wp-json\/wp\/v2\/comments?post=1362"}],"version-history":[{"count":38,"href":"https:\/\/lebrac.es\/textil\/wp-json\/wp\/v2\/pages\/1362\/revisions"}],"predecessor-version":[{"id":18923,"href":"https:\/\/lebrac.es\/textil\/wp-json\/wp\/v2\/pages\/1362\/revisions\/18923"}],"wp:attachment":[{"href":"https:\/\/lebrac.es\/textil\/wp-json\/wp\/v2\/media?parent=1362"}],"curies":[{"name":"wp","href":"https:\/\/api.w.org\/{rel}","templated":true}]}}